{"version":"1.0","provider_name":"SpVgg R\u00f6hrmoos-Gro\u00dfinzemoos e.V.","provider_url":"https:\/\/www.spvgg-roehrmoos.de\/wp","author_name":"Angela Mayer","author_url":"https:\/\/www.spvgg-roehrmoos.de\/wp\/author\/al-gymnastik\/","title":"Neubesetzung der Abteilungsleitung Gymnastik - SpVgg R\u00f6hrmoos-Gro\u00dfinzemoos e.V.","type":"rich","width":600,"height":338,"html":"<blockquote class=\"wp-embedded-content\" data-secret=\"TIhErCaHaN\"><a href=\"https:\/\/www.spvgg-roehrmoos.de\/wp\/neubesetzung-der-abteilungsleitung-gymnastik\/\">Neubesetzung der Abteilungsleitung Gymnastik<\/a><\/blockquote><iframe sandbox=\"allow-scripts\" security=\"restricted\" src=\"https:\/\/www.spvgg-roehrmoos.de\/wp\/neubesetzung-der-abteilungsleitung-gymnastik\/embed\/#?secret=TIhErCaHaN\" width=\"600\" height=\"338\" title=\"&#8222;Neubesetzung der Abteilungsleitung Gymnastik&#8220; &#8211; SpVgg R\u00f6hrmoos-Gro\u00dfinzemoos e.V.\" data-secret=\"TIhErCaHaN\" frameborder=\"0\" marginwidth=\"0\" marginheight=\"0\" scrolling=\"no\" class=\"wp-embedded-content\"><\/iframe><script type=\"text\/javascript\">\n\/* <![CDATA[ *\/\n\/*! This file is auto-generated *\/\n!function(d,l){\"use strict\";l.querySelector&&d.addEventListener&&\"undefined\"!=typeof URL&&(d.wp=d.wp||{},d.wp.receiveEmbedMessage||(d.wp.receiveEmbedMessage=function(e){var t=e.data;if((t||t.secret||t.message||t.value)&&!\/[^a-zA-Z0-9]\/.test(t.secret)){for(var s,r,n,a=l.querySelectorAll('iframe[data-secret=\"'+t.secret+'\"]'),o=l.querySelectorAll('blockquote[data-secret=\"'+t.secret+'\"]'),c=new RegExp(\"^https?:$\",\"i\"),i=0;i<o.length;i++)o[i].style.display=\"none\";for(i=0;i<a.length;i++)s=a[i],e.source===s.contentWindow&&(s.removeAttribute(\"style\"),\"height\"===t.message?(1e3<(r=parseInt(t.value,10))?r=1e3:~~r<200&&(r=200),s.height=r):\"link\"===t.message&&(r=new URL(s.getAttribute(\"src\")),n=new URL(t.value),c.test(n.protocol))&&n.host===r.host&&l.activeElement===s&&(d.top.location.href=t.value))}},d.addEventListener(\"message\",d.wp.receiveEmbedMessage,!1),l.addEventListener(\"DOMContentLoaded\",function(){for(var e,t,s=l.querySelectorAll(\"iframe.wp-embedded-content\"),r=0;r<s.length;r++)(t=(e=s[r]).getAttribute(\"data-secret\"))||(t=Math.random().toString(36).substring(2,12),e.src+=\"#?secret=\"+t,e.setAttribute(\"data-secret\",t)),e.contentWindow.postMessage({message:\"ready\",secret:t},\"*\")},!1)))}(window,document);\n\/\/# sourceURL=https:\/\/www.spvgg-roehrmoos.de\/wp\/wp-includes\/js\/wp-embed.min.js\n\/* ]]> *\/\n<\/script>\n","description":"[vc_row][vc_column][vc_column_text]Am 22.02.2018 fand die Neuwahl der offiziellen \u00c4mter der Abteilung Gymnastik statt. Angela Mayer wurde als Abteilungsleitung einstimmig wiedergew\u00e4hlt. Kerstin Roith w\u00e4hlten alle Stimmberechtigten als neue Stellvertreterin und Birgit Madre als neue Schriftf\u00fchrerin.[\/vc_column_text][\/vc_column][\/vc_row][vc_row][vc_column][\/vc_column][\/vc_row][vc_row][vc_column][vc_single_image image=&#8220;1557&#8243; img_size=&#8220;full&#8220; add_caption=&#8220;yes&#8220; alignment=&#8220;center&#8220;][\/vc_column][\/vc_row]","thumbnail_url":"https:\/\/www.spvgg-roehrmoos.de\/wp\/wp-content\/uploads\/logo_260x260.png","thumbnail_width":260,"thumbnail_height":260}