{"version":"1.0","provider_name":"SpVgg R\u00f6hrmoos-Gro\u00dfinzemoos e.V.","provider_url":"https:\/\/www.spvgg-roehrmoos.de\/wp","author_name":"AL.Tennis","author_url":"https:\/\/www.spvgg-roehrmoos.de\/wp\/author\/al-tennis\/","title":"Tennis Saisoner\u00f6ffnung 2020 - SpVgg R\u00f6hrmoos-Gro\u00dfinzemoos e.V.","type":"rich","width":600,"height":338,"html":"<blockquote class=\"wp-embedded-content\" data-secret=\"L6z1HvKPFF\"><a href=\"https:\/\/www.spvgg-roehrmoos.de\/wp\/tennis-saisoneroeffnung-2020\/\">Tennis Saisoner\u00f6ffnung 2020<\/a><\/blockquote><iframe sandbox=\"allow-scripts\" security=\"restricted\" src=\"https:\/\/www.spvgg-roehrmoos.de\/wp\/tennis-saisoneroeffnung-2020\/embed\/#?secret=L6z1HvKPFF\" width=\"600\" height=\"338\" title=\"&#8222;Tennis Saisoner\u00f6ffnung 2020&#8220; &#8211; SpVgg R\u00f6hrmoos-Gro\u00dfinzemoos e.V.\" data-secret=\"L6z1HvKPFF\" frameborder=\"0\" marginwidth=\"0\" marginheight=\"0\" scrolling=\"no\" class=\"wp-embedded-content\"><\/iframe><script type=\"text\/javascript\">\n\/* <![CDATA[ *\/\n\/*! This file is auto-generated *\/\n!function(d,l){\"use strict\";l.querySelector&&d.addEventListener&&\"undefined\"!=typeof URL&&(d.wp=d.wp||{},d.wp.receiveEmbedMessage||(d.wp.receiveEmbedMessage=function(e){var t=e.data;if((t||t.secret||t.message||t.value)&&!\/[^a-zA-Z0-9]\/.test(t.secret)){for(var s,r,n,a=l.querySelectorAll('iframe[data-secret=\"'+t.secret+'\"]'),o=l.querySelectorAll('blockquote[data-secret=\"'+t.secret+'\"]'),c=new RegExp(\"^https?:$\",\"i\"),i=0;i<o.length;i++)o[i].style.display=\"none\";for(i=0;i<a.length;i++)s=a[i],e.source===s.contentWindow&&(s.removeAttribute(\"style\"),\"height\"===t.message?(1e3<(r=parseInt(t.value,10))?r=1e3:~~r<200&&(r=200),s.height=r):\"link\"===t.message&&(r=new URL(s.getAttribute(\"src\")),n=new URL(t.value),c.test(n.protocol))&&n.host===r.host&&l.activeElement===s&&(d.top.location.href=t.value))}},d.addEventListener(\"message\",d.wp.receiveEmbedMessage,!1),l.addEventListener(\"DOMContentLoaded\",function(){for(var e,t,s=l.querySelectorAll(\"iframe.wp-embedded-content\"),r=0;r<s.length;r++)(t=(e=s[r]).getAttribute(\"data-secret\"))||(t=Math.random().toString(36).substring(2,12),e.src+=\"#?secret=\"+t,e.setAttribute(\"data-secret\",t)),e.contentWindow.postMessage({message:\"ready\",secret:t},\"*\")},!1)))}(window,document);\n\/\/# sourceURL=https:\/\/www.spvgg-roehrmoos.de\/wp\/wp-includes\/js\/wp-embed.min.js\n\/* ]]> *\/\n<\/script>\n","description":"Die diesj\u00e4hrige Saisoner\u00f6ffnung ist f\u00fcr Samstag den\u00a0 02. Mai geplant. Abh\u00e4ngig vom Wetter beginnen wir mit dem Herrichten der Pl\u00e4tze ab Mitte April.","thumbnail_url":"https:\/\/www.spvgg-roehrmoos.de\/wp\/wp-content\/uploads\/logo_260x260.png","thumbnail_width":260,"thumbnail_height":260}